{"id":1262,"date":"2026-03-09T14:55:12","date_gmt":"2026-03-09T13:55:12","guid":{"rendered":"https:\/\/focalesmedias.com\/?page_id=1262"},"modified":"2026-03-09T20:32:41","modified_gmt":"2026-03-09T19:32:41","slug":"a-propos","status":"publish","type":"page","link":"https:\/\/focalesmedias.com\/index.php\/a-propos\/","title":{"rendered":"A propos"},"content":{"rendered":"\t\t<div data-elementor-type=\"wp-page\" data-elementor-id=\"1262\" class=\"elementor elementor-1262\" data-elementor-post-type=\"page\">\n\t\t\t\t<div class=\"elementor-element elementor-element-7059fe9a e-flex e-con-boxed e-con e-parent\" data-id=\"7059fe9a\" data-element_type=\"container\" data-e-type=\"container\">\n\t\t\t\t\t<div class=\"e-con-inner\">\n\t\t<div class=\"elementor-element elementor-element-67baeca2 e-con-full e-flex e-con e-child\" data-id=\"67baeca2\" data-element_type=\"container\" data-e-type=\"container\">\n\t\t\t\t<div class=\"elementor-element elementor-element-52cef645 elementor-widget__width-inherit elementor-widget elementor-widget-heading\" data-id=\"52cef645\" data-element_type=\"widget\" data-e-type=\"widget\" data-widget_type=\"heading.default\">\n\t\t\t\t<div class=\"elementor-widget-container\">\n\t\t\t\t\t<h1 class=\"elementor-heading-title elementor-size-default\">A propos<\/h1>\t\t\t\t<\/div>\n\t\t\t\t<\/div>\n\t\t\t\t<div class=\"elementor-element elementor-element-7b4b399 elementor-widget__width-inherit elementor-widget elementor-widget-text-editor\" data-id=\"7b4b399\" data-element_type=\"widget\" data-e-type=\"widget\" data-widget_type=\"text-editor.default\">\n\t\t\t\t<div class=\"elementor-widget-container\">\n\t\t\t\t\t\t\t\t\t<p data-start=\"2478\" data-end=\"2746\">Je suis <strong data-start=\"2486\" data-end=\"2508\">Vincent Lottenberg<\/strong>,<\/p><p data-start=\"2478\" data-end=\"2746\">Photographe &amp; vid\u00e9aste professionnel situ\u00e9 \u00e0 Albertville en Savoie et fondateur de <strong data-start=\"2568\" data-end=\"2586\">Focales M\u00e9dias<\/strong>.<br data-start=\"2587\" data-end=\"2590\" \/>J\u2019accompagne <strong data-start=\"2605\" data-end=\"2643\">territoires, marques et \u00e9v\u00e9nements.<\/strong><\/p><p>Je suis \u00e0 l&rsquo;\u00e9coute de <strong>vos besoins<\/strong> pour r\u00e9aliser des images qui racontent vos histoires avec sens, impact et \u00e9motions.<\/p>\t\t\t\t\t\t\t\t<\/div>\n\t\t\t\t<\/div>\n\t\t\t\t<\/div>\n\t\t<div class=\"elementor-element elementor-element-1df247d1 e-con-full e-flex e-con e-child\" data-id=\"1df247d1\" data-element_type=\"container\" data-e-type=\"container\" data-settings=\"{&quot;background_background&quot;:&quot;classic&quot;}\">\n\t\t\t\t<div class=\"elementor-element elementor-element-78963766 elementor-widget__width-initial elementor-widget elementor-widget-image\" data-id=\"78963766\" data-element_type=\"widget\" data-e-type=\"widget\" data-widget_type=\"image.default\">\n\t\t\t\t<div class=\"elementor-widget-container\">\n\t\t\t\t\t\t\t\t\t\t\t\t\t\t\t<img decoding=\"async\" src=\"https:\/\/focalesmedias.com\/wp-content\/uploads\/2025\/12\/20250516_Vincent-Lottenberg-3.jpg\" class=\"attachment-full size-full wp-image-1181\" alt=\"\" \/>\t\t\t\t\t\t\t\t\t\t\t\t\t\t\t<\/div>\n\t\t\t\t<\/div>\n\t\t\t\t<\/div>\n\t\t\t\t\t<\/div>\n\t\t\t\t<\/div>\n\t\t<div class=\"elementor-element elementor-element-352a2cf7 e-flex e-con-boxed e-con e-parent\" data-id=\"352a2cf7\" data-element_type=\"container\" data-e-type=\"container\">\n\t\t\t\t\t<div class=\"e-con-inner\">\n\t\t<div class=\"elementor-element elementor-element-675f103c e-con-full e-flex e-con e-child\" data-id=\"675f103c\" data-element_type=\"container\" data-e-type=\"container\">\n\t\t\t\t<div class=\"elementor-element elementor-element-486b1024 elementor-widget elementor-widget-image\" data-id=\"486b1024\" data-element_type=\"widget\" data-e-type=\"widget\" data-widget_type=\"image.default\">\n\t\t\t\t<div class=\"elementor-widget-container\">\n\t\t\t\t\t\t\t\t\t\t\t\t\t\t\t<img fetchpriority=\"high\" decoding=\"async\" width=\"2560\" height=\"1707\" src=\"https:\/\/focalesmedias.com\/wp-content\/uploads\/2025\/12\/back-scaled.jpg\" class=\"attachment-full size-full wp-image-1219\" alt=\"\" srcset=\"https:\/\/focalesmedias.com\/wp-content\/uploads\/2025\/12\/back-scaled.jpg 2560w, https:\/\/focalesmedias.com\/wp-content\/uploads\/2025\/12\/back-300x200.jpg 300w, https:\/\/focalesmedias.com\/wp-content\/uploads\/2025\/12\/back-1024x683.jpg 1024w, https:\/\/focalesmedias.com\/wp-content\/uploads\/2025\/12\/back-768x512.jpg 768w, https:\/\/focalesmedias.com\/wp-content\/uploads\/2025\/12\/back-1536x1024.jpg 1536w, https:\/\/focalesmedias.com\/wp-content\/uploads\/2025\/12\/back-2048x1365.jpg 2048w\" sizes=\"(max-width: 2560px) 100vw, 2560px\" \/>\t\t\t\t\t\t\t\t\t\t\t\t\t\t\t<\/div>\n\t\t\t\t<\/div>\n\t\t\t\t<\/div>\n\t\t<div class=\"elementor-element elementor-element-3fda9e43 e-con-full e-flex e-con e-child\" data-id=\"3fda9e43\" data-element_type=\"container\" data-e-type=\"container\">\n\t\t\t\t<div class=\"elementor-element elementor-element-3a843965 elementor-widget elementor-widget-heading\" data-id=\"3a843965\" data-element_type=\"widget\" data-e-type=\"widget\" data-widget_type=\"heading.default\">\n\t\t\t\t<div class=\"elementor-widget-container\">\n\t\t\t\t\t<h2 class=\"elementor-heading-title elementor-size-default\">Mon engagement<\/h2>\t\t\t\t<\/div>\n\t\t\t\t<\/div>\n\t\t\t\t<div class=\"elementor-element elementor-element-23f0b640 elementor-widget elementor-widget-text-editor\" data-id=\"23f0b640\" data-element_type=\"widget\" data-e-type=\"widget\" data-widget_type=\"text-editor.default\">\n\t\t\t\t<div class=\"elementor-widget-container\">\n\t\t\t\t\t\t\t\t\t<p>Cr\u00e9er des images <strong data-start=\"2958\" data-end=\"2988\">justes, vivantes et utiles<\/strong>, produites avec cr\u00e9ativit\u00e9 et rigueur.<\/p>\t\t\t\t\t\t\t\t<\/div>\n\t\t\t\t<\/div>\n\t\t\t\t<\/div>\n\t\t\t\t\t<\/div>\n\t\t\t\t<\/div>\n\t\t<div class=\"elementor-element elementor-element-69c98066 e-flex e-con-boxed e-con e-parent\" data-id=\"69c98066\" data-element_type=\"container\" data-e-type=\"container\">\n\t\t\t\t\t<div class=\"e-con-inner\">\n\t\t\t\t<div class=\"elementor-element elementor-element-28cf263d elementor-widget elementor-widget-heading\" data-id=\"28cf263d\" data-element_type=\"widget\" data-e-type=\"widget\" data-widget_type=\"heading.default\">\n\t\t\t\t<div class=\"elementor-widget-container\">\n\t\t\t\t\t<h3 class=\"elementor-heading-title elementor-size-default\">A votre \u00e9coute<\/h3>\t\t\t\t<\/div>\n\t\t\t\t<\/div>\n\t\t\t\t<div class=\"elementor-element elementor-element-1fa68b10 elementor-widget elementor-widget-text-editor\" data-id=\"1fa68b10\" data-element_type=\"widget\" data-e-type=\"widget\" data-widget_type=\"text-editor.default\">\n\t\t\t\t<div class=\"elementor-widget-container\">\n\t\t\t\t\t\t\t\t\t<p>Vous avez une id\u00e9e, un projet, ou simplement une question<\/p>\t\t\t\t\t\t\t\t<\/div>\n\t\t\t\t<\/div>\n\t\t\t\t<div class=\"elementor-element elementor-element-35656dd4 elementor-align-center elementor-mobile-align-center elementor-widget elementor-widget-button\" data-id=\"35656dd4\" data-element_type=\"widget\" data-e-type=\"widget\" data-widget_type=\"button.default\">\n\t\t\t\t<div class=\"elementor-widget-container\">\n\t\t\t\t\t\t\t\t\t<div class=\"elementor-button-wrapper\">\n\t\t\t\t\t<a class=\"elementor-button elementor-button-link elementor-size-sm\" href=\"https:\/\/focalesmedias.com\/index.php\/contact\/\">\n\t\t\t\t\t\t<span class=\"elementor-button-content-wrapper\">\n\t\t\t\t\t\t\t\t\t<span class=\"elementor-button-text\">Parlons en<\/span>\n\t\t\t\t\t<\/span>\n\t\t\t\t\t<\/a>\n\t\t\t\t<\/div>\n\t\t\t\t\t\t\t\t<\/div>\n\t\t\t\t<\/div>\n\t\t\t\t\t<\/div>\n\t\t\t\t<\/div>\n\t\t<div class=\"elementor-element elementor-element-a725838 e-flex e-con-boxed e-con e-parent\" data-id=\"a725838\" data-element_type=\"container\" data-e-type=\"container\">\n\t\t\t\t\t<div class=\"e-con-inner\">\n\t\t\t\t<div class=\"elementor-element elementor-element-7ff2a61 elementor-widget-divider--view-line elementor-widget elementor-widget-divider\" data-id=\"7ff2a61\" data-element_type=\"widget\" data-e-type=\"widget\" data-widget_type=\"divider.default\">\n\t\t\t\t<div class=\"elementor-widget-container\">\n\t\t\t\t\t\t\t<div class=\"elementor-divider\">\n\t\t\t<span class=\"elementor-divider-separator\">\n\t\t\t\t\t\t<\/span>\n\t\t<\/div>\n\t\t\t\t\t\t<\/div>\n\t\t\t\t<\/div>\n\t\t\t\t<div class=\"elementor-element elementor-element-98abede elementor-widget elementor-widget-heading\" data-id=\"98abede\" data-element_type=\"widget\" data-e-type=\"widget\" data-widget_type=\"heading.default\">\n\t\t\t\t<div class=\"elementor-widget-container\">\n\t\t\t\t\t<h3 class=\"elementor-heading-title elementor-size-default\">Photographie d'art<\/h3>\t\t\t\t<\/div>\n\t\t\t\t<\/div>\n\t\t\t\t<div class=\"elementor-element elementor-element-06fb310 elementor-widget__width-inherit elementor-widget elementor-widget-text-editor\" data-id=\"06fb310\" data-element_type=\"widget\" data-e-type=\"widget\" data-widget_type=\"text-editor.default\">\n\t\t\t\t<div class=\"elementor-widget-container\">\n\t\t\t\t\t\t\t\t\t<p>Dans un travail parall\u00e8le, je d\u00e9veloppe une pratique artistique autour de la <a href=\"https:\/\/www.vincentlottenbergphoto.com\/\"><strong data-start=\"2830\" data-end=\"2871\">photographie de nature et de paysages<\/strong><\/a>, destin\u00e9e \u00e0 la vente de tirages et aux expositions.<\/p>\t\t\t\t\t\t\t\t<\/div>\n\t\t\t\t<\/div>\n\t\t\t\t<div class=\"elementor-element elementor-element-6632e84 elementor-widget elementor-widget-image\" data-id=\"6632e84\" data-element_type=\"widget\" data-e-type=\"widget\" data-widget_type=\"image.default\">\n\t\t\t\t<div class=\"elementor-widget-container\">\n\t\t\t\t\t\t\t\t\t\t\t\t\t\t\t\t<a href=\"https:\/\/www.vincentlottenbergphoto.com\/\">\n\t\t\t\t\t\t\t<img decoding=\"async\" width=\"2048\" height=\"1154\" src=\"https:\/\/focalesmedias.com\/wp-content\/uploads\/2025\/11\/20240114_Vincent-Lottenberg-7.jpg\" class=\"attachment-full size-full wp-image-1045\" alt=\"\" srcset=\"https:\/\/focalesmedias.com\/wp-content\/uploads\/2025\/11\/20240114_Vincent-Lottenberg-7.jpg 2048w, https:\/\/focalesmedias.com\/wp-content\/uploads\/2025\/11\/20240114_Vincent-Lottenberg-7-300x169.jpg 300w, https:\/\/focalesmedias.com\/wp-content\/uploads\/2025\/11\/20240114_Vincent-Lottenberg-7-1024x577.jpg 1024w, https:\/\/focalesmedias.com\/wp-content\/uploads\/2025\/11\/20240114_Vincent-Lottenberg-7-768x433.jpg 768w, https:\/\/focalesmedias.com\/wp-content\/uploads\/2025\/11\/20240114_Vincent-Lottenberg-7-1536x866.jpg 1536w\" sizes=\"(max-width: 2048px) 100vw, 2048px\" \/>\t\t\t\t\t\t\t\t<\/a>\n\t\t\t\t\t\t\t\t\t\t\t\t\t\t\t<\/div>\n\t\t\t\t<\/div>\n\t\t\t\t\t<\/div>\n\t\t\t\t<\/div>\n\t\t\t\t<\/div>\n\t\t","protected":false},"excerpt":{"rendered":"<p>A propos Je suis Vincent Lottenberg, Photographe &amp; vid\u00e9aste professionnel situ\u00e9 \u00e0 Albertville en Savoie et fondateur de Focales M\u00e9dias.J\u2019accompagne territoires, marques et \u00e9v\u00e9nements. Je suis \u00e0 l&rsquo;\u00e9coute de vos besoins pour r\u00e9aliser des images qui racontent vos histoires avec sens, impact et \u00e9motions. Mon engagement Cr\u00e9er des images justes, vivantes et utiles, produites avec [&hellip;]<\/p>\n","protected":false},"author":1,"featured_media":1219,"parent":0,"menu_order":0,"comment_status":"closed","ping_status":"closed","template":"","meta":{"footnotes":""},"class_list":["post-1262","page","type-page","status-publish","has-post-thumbnail","hentry"],"yoast_head":"<!-- This site is optimized with the Yoast SEO plugin v26.6 - https:\/\/yoast.com\/wordpress\/plugins\/seo\/ -->\n<title>A propos - Focales M\u00e9dias<\/title>\n<meta name=\"robots\" content=\"index, follow, max-snippet:-1, max-image-preview:large, max-video-preview:-1\" \/>\n<link rel=\"canonical\" href=\"https:\/\/focalesmedias.com\/index.php\/a-propos\/\" \/>\n<meta property=\"og:locale\" content=\"fr_FR\" \/>\n<meta property=\"og:type\" content=\"article\" \/>\n<meta property=\"og:title\" content=\"A propos - Focales M\u00e9dias\" \/>\n<meta property=\"og:description\" content=\"A propos Je suis Vincent Lottenberg, Photographe &amp; vid\u00e9aste professionnel situ\u00e9 \u00e0 Albertville en Savoie et fondateur de Focales M\u00e9dias.J\u2019accompagne territoires, marques et \u00e9v\u00e9nements. Je suis \u00e0 l&rsquo;\u00e9coute de vos besoins pour r\u00e9aliser des images qui racontent vos histoires avec sens, impact et \u00e9motions. Mon engagement Cr\u00e9er des images justes, vivantes et utiles, produites avec [&hellip;]\" \/>\n<meta property=\"og:url\" content=\"https:\/\/focalesmedias.com\/index.php\/a-propos\/\" \/>\n<meta property=\"og:site_name\" content=\"Focales M\u00e9dias\" \/>\n<meta property=\"article:publisher\" content=\"https:\/\/www.facebook.com\/profile.php?id=61566981850343\" \/>\n<meta property=\"article:modified_time\" content=\"2026-03-09T19:32:41+00:00\" \/>\n<meta property=\"og:image\" content=\"http:\/\/focalesmedias.com\/wp-content\/uploads\/2025\/12\/back-scaled.jpg\" \/>\n\t<meta property=\"og:image:width\" content=\"2560\" \/>\n\t<meta property=\"og:image:height\" content=\"1707\" \/>\n\t<meta property=\"og:image:type\" content=\"image\/jpeg\" \/>\n<meta name=\"twitter:card\" content=\"summary_large_image\" \/>\n<meta name=\"twitter:label1\" content=\"Dur\u00e9e de lecture estim\u00e9e\" \/>\n\t<meta name=\"twitter:data1\" content=\"2 minutes\" \/>\n<script type=\"application\/ld+json\" class=\"yoast-schema-graph\">{\"@context\":\"https:\/\/schema.org\",\"@graph\":[{\"@type\":\"WebPage\",\"@id\":\"https:\/\/focalesmedias.com\/index.php\/a-propos\/\",\"url\":\"https:\/\/focalesmedias.com\/index.php\/a-propos\/\",\"name\":\"A propos - Focales M\u00e9dias\",\"isPartOf\":{\"@id\":\"https:\/\/focalesmedias.com\/#website\"},\"primaryImageOfPage\":{\"@id\":\"https:\/\/focalesmedias.com\/index.php\/a-propos\/#primaryimage\"},\"image\":{\"@id\":\"https:\/\/focalesmedias.com\/index.php\/a-propos\/#primaryimage\"},\"thumbnailUrl\":\"https:\/\/focalesmedias.com\/wp-content\/uploads\/2025\/12\/back-scaled.jpg\",\"datePublished\":\"2026-03-09T13:55:12+00:00\",\"dateModified\":\"2026-03-09T19:32:41+00:00\",\"breadcrumb\":{\"@id\":\"https:\/\/focalesmedias.com\/index.php\/a-propos\/#breadcrumb\"},\"inLanguage\":\"fr-FR\",\"potentialAction\":[{\"@type\":\"ReadAction\",\"target\":[\"https:\/\/focalesmedias.com\/index.php\/a-propos\/\"]}]},{\"@type\":\"ImageObject\",\"inLanguage\":\"fr-FR\",\"@id\":\"https:\/\/focalesmedias.com\/index.php\/a-propos\/#primaryimage\",\"url\":\"https:\/\/focalesmedias.com\/wp-content\/uploads\/2025\/12\/back-scaled.jpg\",\"contentUrl\":\"https:\/\/focalesmedias.com\/wp-content\/uploads\/2025\/12\/back-scaled.jpg\",\"width\":2560,\"height\":1707},{\"@type\":\"BreadcrumbList\",\"@id\":\"https:\/\/focalesmedias.com\/index.php\/a-propos\/#breadcrumb\",\"itemListElement\":[{\"@type\":\"ListItem\",\"position\":1,\"name\":\"Accueil\",\"item\":\"https:\/\/focalesmedias.com\/\"},{\"@type\":\"ListItem\",\"position\":2,\"name\":\"A propos\"}]},{\"@type\":\"WebSite\",\"@id\":\"https:\/\/focalesmedias.com\/#website\",\"url\":\"https:\/\/focalesmedias.com\/\",\"name\":\"Focales M\u00e9dias\",\"description\":\"Photographie vid\u00e9o et cr\u00e9ation de contenu\",\"publisher\":{\"@id\":\"https:\/\/focalesmedias.com\/#organization\"},\"potentialAction\":[{\"@type\":\"SearchAction\",\"target\":{\"@type\":\"EntryPoint\",\"urlTemplate\":\"https:\/\/focalesmedias.com\/?s={search_term_string}\"},\"query-input\":{\"@type\":\"PropertyValueSpecification\",\"valueRequired\":true,\"valueName\":\"search_term_string\"}}],\"inLanguage\":\"fr-FR\"},{\"@type\":\"Organization\",\"@id\":\"https:\/\/focalesmedias.com\/#organization\",\"name\":\"Focales M\u00e9dias\",\"url\":\"https:\/\/focalesmedias.com\/\",\"logo\":{\"@type\":\"ImageObject\",\"inLanguage\":\"fr-FR\",\"@id\":\"https:\/\/focalesmedias.com\/#\/schema\/logo\/image\/\",\"url\":\"https:\/\/focalesmedias.com\/wp-content\/uploads\/2024\/09\/Logo-V2-35-scaled.png\",\"contentUrl\":\"https:\/\/focalesmedias.com\/wp-content\/uploads\/2024\/09\/Logo-V2-35-scaled.png\",\"width\":2560,\"height\":353,\"caption\":\"Focales M\u00e9dias\"},\"image\":{\"@id\":\"https:\/\/focalesmedias.com\/#\/schema\/logo\/image\/\"},\"sameAs\":[\"https:\/\/www.facebook.com\/profile.php?id=61566981850343\",\"https:\/\/www.instagram.com\/focales_medias\",\"https:\/\/www.linkedin.com\/company\/110312568\/admin\/dashboard\/\"]}]}<\/script>\n<!-- \/ Yoast SEO plugin. -->","yoast_head_json":{"title":"A propos - Focales M\u00e9dias","robots":{"index":"index","follow":"follow","max-snippet":"max-snippet:-1","max-image-preview":"max-image-preview:large","max-video-preview":"max-video-preview:-1"},"canonical":"https:\/\/focalesmedias.com\/index.php\/a-propos\/","og_locale":"fr_FR","og_type":"article","og_title":"A propos - Focales M\u00e9dias","og_description":"A propos Je suis Vincent Lottenberg, Photographe &amp; vid\u00e9aste professionnel situ\u00e9 \u00e0 Albertville en Savoie et fondateur de Focales M\u00e9dias.J\u2019accompagne territoires, marques et \u00e9v\u00e9nements. Je suis \u00e0 l&rsquo;\u00e9coute de vos besoins pour r\u00e9aliser des images qui racontent vos histoires avec sens, impact et \u00e9motions. Mon engagement Cr\u00e9er des images justes, vivantes et utiles, produites avec [&hellip;]","og_url":"https:\/\/focalesmedias.com\/index.php\/a-propos\/","og_site_name":"Focales M\u00e9dias","article_publisher":"https:\/\/www.facebook.com\/profile.php?id=61566981850343","article_modified_time":"2026-03-09T19:32:41+00:00","og_image":[{"width":2560,"height":1707,"url":"http:\/\/focalesmedias.com\/wp-content\/uploads\/2025\/12\/back-scaled.jpg","type":"image\/jpeg"}],"twitter_card":"summary_large_image","twitter_misc":{"Dur\u00e9e de lecture estim\u00e9e":"2 minutes"},"schema":{"@context":"https:\/\/schema.org","@graph":[{"@type":"WebPage","@id":"https:\/\/focalesmedias.com\/index.php\/a-propos\/","url":"https:\/\/focalesmedias.com\/index.php\/a-propos\/","name":"A propos - Focales M\u00e9dias","isPartOf":{"@id":"https:\/\/focalesmedias.com\/#website"},"primaryImageOfPage":{"@id":"https:\/\/focalesmedias.com\/index.php\/a-propos\/#primaryimage"},"image":{"@id":"https:\/\/focalesmedias.com\/index.php\/a-propos\/#primaryimage"},"thumbnailUrl":"https:\/\/focalesmedias.com\/wp-content\/uploads\/2025\/12\/back-scaled.jpg","datePublished":"2026-03-09T13:55:12+00:00","dateModified":"2026-03-09T19:32:41+00:00","breadcrumb":{"@id":"https:\/\/focalesmedias.com\/index.php\/a-propos\/#breadcrumb"},"inLanguage":"fr-FR","potentialAction":[{"@type":"ReadAction","target":["https:\/\/focalesmedias.com\/index.php\/a-propos\/"]}]},{"@type":"ImageObject","inLanguage":"fr-FR","@id":"https:\/\/focalesmedias.com\/index.php\/a-propos\/#primaryimage","url":"https:\/\/focalesmedias.com\/wp-content\/uploads\/2025\/12\/back-scaled.jpg","contentUrl":"https:\/\/focalesmedias.com\/wp-content\/uploads\/2025\/12\/back-scaled.jpg","width":2560,"height":1707},{"@type":"BreadcrumbList","@id":"https:\/\/focalesmedias.com\/index.php\/a-propos\/#breadcrumb","itemListElement":[{"@type":"ListItem","position":1,"name":"Accueil","item":"https:\/\/focalesmedias.com\/"},{"@type":"ListItem","position":2,"name":"A propos"}]},{"@type":"WebSite","@id":"https:\/\/focalesmedias.com\/#website","url":"https:\/\/focalesmedias.com\/","name":"Focales M\u00e9dias","description":"Photographie vid\u00e9o et cr\u00e9ation de contenu","publisher":{"@id":"https:\/\/focalesmedias.com\/#organization"},"potentialAction":[{"@type":"SearchAction","target":{"@type":"EntryPoint","urlTemplate":"https:\/\/focalesmedias.com\/?s={search_term_string}"},"query-input":{"@type":"PropertyValueSpecification","valueRequired":true,"valueName":"search_term_string"}}],"inLanguage":"fr-FR"},{"@type":"Organization","@id":"https:\/\/focalesmedias.com\/#organization","name":"Focales M\u00e9dias","url":"https:\/\/focalesmedias.com\/","logo":{"@type":"ImageObject","inLanguage":"fr-FR","@id":"https:\/\/focalesmedias.com\/#\/schema\/logo\/image\/","url":"https:\/\/focalesmedias.com\/wp-content\/uploads\/2024\/09\/Logo-V2-35-scaled.png","contentUrl":"https:\/\/focalesmedias.com\/wp-content\/uploads\/2024\/09\/Logo-V2-35-scaled.png","width":2560,"height":353,"caption":"Focales M\u00e9dias"},"image":{"@id":"https:\/\/focalesmedias.com\/#\/schema\/logo\/image\/"},"sameAs":["https:\/\/www.facebook.com\/profile.php?id=61566981850343","https:\/\/www.instagram.com\/focales_medias","https:\/\/www.linkedin.com\/company\/110312568\/admin\/dashboard\/"]}]}},"jetpack_sharing_enabled":true,"_links":{"self":[{"href":"https:\/\/focalesmedias.com\/index.php\/wp-json\/wp\/v2\/pages\/1262","targetHints":{"allow":["GET"]}}],"collection":[{"href":"https:\/\/focalesmedias.com\/index.php\/wp-json\/wp\/v2\/pages"}],"about":[{"href":"https:\/\/focalesmedias.com\/index.php\/wp-json\/wp\/v2\/types\/page"}],"author":[{"embeddable":true,"href":"https:\/\/focalesmedias.com\/index.php\/wp-json\/wp\/v2\/users\/1"}],"replies":[{"embeddable":true,"href":"https:\/\/focalesmedias.com\/index.php\/wp-json\/wp\/v2\/comments?post=1262"}],"version-history":[{"count":13,"href":"https:\/\/focalesmedias.com\/index.php\/wp-json\/wp\/v2\/pages\/1262\/revisions"}],"predecessor-version":[{"id":1287,"href":"https:\/\/focalesmedias.com\/index.php\/wp-json\/wp\/v2\/pages\/1262\/revisions\/1287"}],"wp:featuredmedia":[{"embeddable":true,"href":"https:\/\/focalesmedias.com\/index.php\/wp-json\/wp\/v2\/media\/1219"}],"wp:attachment":[{"href":"https:\/\/focalesmedias.com\/index.php\/wp-json\/wp\/v2\/media?parent=1262"}],"curies":[{"name":"wp","href":"https:\/\/api.w.org\/{rel}","templated":true}]}}